{"id":317,"date":"2026-02-28T14:07:27","date_gmt":"2026-02-28T14:07:27","guid":{"rendered":"https:\/\/noune.be\/?page_id=317"},"modified":"2026-03-02T18:38:53","modified_gmt":"2026-03-02T18:38:53","slug":"317-2","status":"publish","type":"page","link":"https:\/\/noune.be\/index.php\/317-2\/","title":{"rendered":"A propos"},"content":{"rendered":"<p>[et_pb_section fb_built=\u00a0\u00bb1&Prime; _builder_version=\u00a0\u00bb4.19.1&Prime; _module_preset=\u00a0\u00bbdefault\u00a0\u00bb background_color=\u00a0\u00bb#000000&Prime; collapsed=\u00a0\u00bbon\u00a0\u00bb global_colors_info=\u00a0\u00bb{}\u00a0\u00bb][et_pb_row _builder_version=\u00a0\u00bb4.27.6&Prime; _module_preset=\u00a0\u00bbdefault\u00a0\u00bb global_colors_info=\u00a0\u00bb{}\u00a0\u00bb][et_pb_column type=\u00a0\u00bb4_4&Prime; _builder_version=\u00a0\u00bb4.27.6&Prime; _module_preset=\u00a0\u00bbdefault\u00a0\u00bb global_colors_info=\u00a0\u00bb{}\u00a0\u00bb][et_pb_text _builder_version=\u00a0\u00bb4.27.6&Prime; _module_preset=\u00a0\u00bbdefault\u00a0\u00bb global_colors_info=\u00a0\u00bb{}\u00a0\u00bb]<\/p>\n<h2 style=\"text-align: justify;\"><span style=\"font-weight: 400; color: #ffffff;\">Qui est elle?<\/span><\/h2>\n<p><span style=\"font-weight: 400; color: #ffffff;\"><\/span><\/p>\n<p><span style=\"color: #ffffff;\">N\u00e9e \u00e0 Bruxelles en 1972, Noune a, depuis l\u2019enfance, consacr\u00e9 son temps libre \u00e0 l\u2019apprentissage et \u00e0 la pratique des arts.<\/span><\/p>\n<p style=\"text-align: justify;\"><span style=\"font-weight: 400; color: #ffffff;\">Apr\u00e8s des \u00e9tudes artistiques en humanit\u00e9s \u00e0 l\u2019I.A.T.A \u00e0 Namur puis \u00e0 Saint-Luc Bruxelles, elle se montre d\u00e9termin\u00e9e et poursuit un parcours qui lui permettra d\u2019exprimer puis de stimuler sa cr\u00e9ativit\u00e9 : d\u2019abord des \u00e9tudes sup\u00e9rieures en publicit\u00e9 \u00e0 l\u2019ERG, puis les arts plastiques au 75, toujours \u00e0 Bruxelles, en passant par la sculpture monumentale et la c\u00e9ramique \u00e0 Ixelles en cours du soir.<\/span><\/p>\n<p style=\"text-align: justify;\"><span style=\"font-weight: 400; color: #ffffff;\">Elle a \u00e9t\u00e9 danseuse, meneuse de spectacles, barmaid dans le milieu de la nuit, cheffe r\u00e9gie, cheffe d\u00e9co en publicit\u00e9, a fait des d\u00e9fil\u00e9s, \u00e9t\u00e9 com\u00e9dienne, chanteuse et mannequin\u2026 Une trajectoire plurielle, guid\u00e9e par le mouvement, la sc\u00e8ne et la cr\u00e9ation.<\/span><\/p>\n<p style=\"text-align: justify;\"><span style=\"font-weight: 400; color: #ffffff;\">\u00c0 la naissance de son premier fils, elle cr\u00e9e les Ateliers Noune, \u00ab faiseuse de futurs petits artistes \u00bb. Elle donne des ateliers aux adultes, aux enfants, aux seniors, aux personnes porteuses de handicaps. Elle va dans les \u00e9coles et les homes pour personnes \u00e2g\u00e9es, donne \u00e9galement des ateliers aux personnes pr\u00e9caris\u00e9es : son dada, c\u2019est m\u00e9langer les publics !<\/span><\/p>\n<p style=\"text-align: justify;\"><span style=\"font-weight: 400; color: #ffffff;\">En 2011, elle co-cr\u00e9e l\u2019asbl Zinzolin, qui deviendra un Centre d\u2019Expression et de Cr\u00e9ativit\u00e9 reconnu par la F\u00e9d\u00e9ration Wallonie-Bruxelles, tr\u00e8s actif \u00e0 Waterloo.<\/span><\/p>\n<p style=\"text-align: justify;\"><span style=\"font-weight: 400; color: #ffffff;\">Dans les interstices de cette vie tr\u00e8s active, elle cr\u00e9e et expose lors de diff\u00e9rents \u00e9v\u00e9nements : biennales, triennales aux \u00c9curies de Waterloo, expositions au Centre culturel, parcours d\u2019artistes et autres rendez-vous artistiques comme sa XmassExpo, o\u00f9 elle invite diff\u00e9rentes pratiques et amis artistes \u00e0 dialoguer.<\/span><\/p>\n<p style=\"text-align: justify;\"><span style=\"font-weight: 400; color: #ffffff;\">Un lien fort unit Noune aux cultures et traditions de l\u2019Afrique centrale, en particulier la R\u00e9publique D\u00e9mocratique du Congo, d\u2019o\u00f9 est originaire son compagnon, le papa de ses deux enfants.<\/span><\/p>\n<p style=\"text-align: justify;\"><span style=\"font-weight: 400; color: #ffffff;\">Toujours pr\u00eate \u00e0 d\u00e9fendre les causes qui lui tiennent \u00e0 c\u0153ur, elle se montre engag\u00e9e et fait preuve de cet \u00e9tat d\u2019esprit au quotidien. Amoureuse de la nature, elle y puise une source constante d\u2019inspiration. Les mati\u00e8res brutes, les textures, les \u00e9l\u00e9ments glan\u00e9s au fil des promenades nourrissent son travail. La nature devient un terrain de jeu, d\u2019observation et d\u2019exp\u00e9rimentation, o\u00f9 le vivant dialogue avec la mati\u00e8re.<\/span><\/p>\n<p style=\"text-align: justify;\"><span style=\"font-weight: 400; color: #ffffff;\">En 2023, sa vie tr\u00e8s active s\u2019arr\u00eate nette suite \u00e0 un cancer du sein.<\/span><\/p>\n<p style=\"text-align: justify;\"><span style=\"font-weight: 400; color: #ffffff;\">Suivie \u00e0 Bordet, elle met toute sa force et son \u00e9nergie dans la repr\u00e9sentation de ses propres \u00e9motions et ressentis. La s\u00e9rie des Amazones repr\u00e9sente le lien entre toutes les femmes qui se soutiennent face \u00e0 la maladie. Le combat continue.<\/span><\/p>\n<p>[\/et_pb_text][\/et_pb_column][\/et_pb_row][et_pb_row _builder_version=\u00a0\u00bb4.27.6&Prime; _module_preset=\u00a0\u00bbdefault\u00a0\u00bb global_colors_info=\u00a0\u00bb{}\u00a0\u00bb][et_pb_column type=\u00a0\u00bb4_4&Prime; _builder_version=\u00a0\u00bb4.27.6&Prime; _module_preset=\u00a0\u00bbdefault\u00a0\u00bb global_colors_info=\u00a0\u00bb{}\u00a0\u00bb][et_pb_image src=\u00a0\u00bbhttps:\/\/noune.be\/wp-content\/uploads\/2026\/02\/Noune-photo-presentation.jpg\u00a0\u00bb title_text=\u00a0\u00bbNoune photo pr\u00e9sentation\u00a0\u00bb _builder_version=\u00a0\u00bb4.27.6&Prime; _module_preset=\u00a0\u00bbdefault\u00a0\u00bb global_colors_info=\u00a0\u00bb{}\u00a0\u00bb][\/et_pb_image][\/et_pb_column][\/et_pb_row][\/et_pb_section]<\/p>\n","protected":false},"excerpt":{"rendered":"<p>Qui est elle? N\u00e9e \u00e0 Bruxelles en 1972, Noune a, depuis l\u2019enfance, consacr\u00e9 son temps libre \u00e0 l\u2019apprentissage et \u00e0 la pratique des arts. Apr\u00e8s des \u00e9tudes artistiques en humanit\u00e9s \u00e0 l\u2019I.A.T.A \u00e0 Namur puis \u00e0 Saint-Luc Bruxelles, elle se montre d\u00e9termin\u00e9e et poursuit un parcours qui lui permettra d\u2019exprimer puis de stimuler sa cr\u00e9ativit\u00e9 [&hellip;]<\/p>\n","protected":false},"author":1,"featured_media":0,"parent":0,"menu_order":0,"comment_status":"closed","ping_status":"closed","template":"","meta":{"_et_pb_use_builder":"on","_et_pb_old_content":"","_et_gb_content_width":"","footnotes":""},"class_list":["post-317","page","type-page","status-publish","hentry"],"_links":{"self":[{"href":"https:\/\/noune.be\/index.php\/wp-json\/wp\/v2\/pages\/317","targetHints":{"allow":["GET"]}}],"collection":[{"href":"https:\/\/noune.be\/index.php\/wp-json\/wp\/v2\/pages"}],"about":[{"href":"https:\/\/noune.be\/index.php\/wp-json\/wp\/v2\/types\/page"}],"author":[{"embeddable":true,"href":"https:\/\/noune.be\/index.php\/wp-json\/wp\/v2\/users\/1"}],"replies":[{"embeddable":true,"href":"https:\/\/noune.be\/index.php\/wp-json\/wp\/v2\/comments?post=317"}],"version-history":[{"count":9,"href":"https:\/\/noune.be\/index.php\/wp-json\/wp\/v2\/pages\/317\/revisions"}],"predecessor-version":[{"id":645,"href":"https:\/\/noune.be\/index.php\/wp-json\/wp\/v2\/pages\/317\/revisions\/645"}],"wp:attachment":[{"href":"https:\/\/noune.be\/index.php\/wp-json\/wp\/v2\/media?parent=317"}],"curies":[{"name":"wp","href":"https:\/\/api.w.org\/{rel}","templated":true}]}}