{"id":320,"date":"2026-02-28T12:48:24","date_gmt":"2026-02-28T12:48:24","guid":{"rendered":"https:\/\/noune.be\/?page_id=320"},"modified":"2026-03-12T14:44:29","modified_gmt":"2026-03-12T14:44:29","slug":"320-2","status":"publish","type":"page","link":"https:\/\/noune.be\/","title":{"rendered":"Accueil"},"content":{"rendered":"<p>[et_pb_section fb_built=\u00a0\u00bb1&Prime; _builder_version=\u00a0\u00bb4.19.1&Prime; _module_preset=\u00a0\u00bbdefault\u00a0\u00bb background_color=\u00a0\u00bb#000000&Prime; collapsed=\u00a0\u00bbon\u00a0\u00bb global_colors_info=\u00a0\u00bb{}\u00a0\u00bb][et_pb_row column_structure=\u00a0\u00bb3_5,2_5&Prime; _builder_version=\u00a0\u00bb4.19.2&Prime; _module_preset=\u00a0\u00bbdefault\u00a0\u00bb global_colors_info=\u00a0\u00bb{}\u00a0\u00bb][et_pb_column type=\u00a0\u00bb3_5&Prime; _builder_version=\u00a0\u00bb4.19.1&Prime; _module_preset=\u00a0\u00bbdefault\u00a0\u00bb global_colors_info=\u00a0\u00bb{}\u00a0\u00bb][et_pb_text _builder_version=\u00a0\u00bb4.27.6&Prime; _module_preset=\u00a0\u00bbc5c6a705-e675-4845-8664-0164ca7c906c\u00a0\u00bb header_2_text_color=\u00a0\u00bb#FFFFFF\u00a0\u00bb min_height=\u00a0\u00bb14px\u00a0\u00bb custom_margin=\u00a0\u00bb||4px|||\u00a0\u00bb custom_padding=\u00a0\u00bb||26px|||\u00a0\u00bb global_colors_info=\u00a0\u00bb{}\u00a0\u00bb]<\/p>\n<h3><span style=\"color: #ffffff;\">Cr\u00e9er, relier, transmettre<\/span><\/h3>\n<p>[\/et_pb_text][et_pb_text _builder_version=\u00a0\u00bb4.27.6&Prime; _module_preset=\u00a0\u00bb0e0dbdd4-8cfb-4cec-a5b8-3c10f8483bc6&Prime; text_text_color=\u00a0\u00bb#FFFFFF\u00a0\u00bb custom_margin=\u00a0\u00bb7px|||||\u00a0\u00bb global_colors_info=\u00a0\u00bb{}\u00a0\u00bb]<\/p>\n<p style=\"text-align: justify;\"><span style=\"font-weight: 400;\">Artiste waterlotoise n\u00e9e en 1972, Noune a toujours fait de la cr\u00e9ation un fil rouge. Form\u00e9e aux arts plastiques apr\u00e8s un parcours riche et pluriel, elle explore aussi la sculpture, la c\u00e9ramique et la sc\u00e8ne avec la m\u00eame intensit\u00e9. Anim\u00e9e par une envie de transmettre, elle fonde les Ateliers Noune et co-cr\u00e9e l\u2019asbl Zinzolin, m\u00ealant les publics et les g\u00e9n\u00e9rations. Nourrie par la nature et par les cultures d\u2019Afrique centrale, son \u0153uvre parle de lien, de transformation et de r\u00e9silience. En 2023, face \u00e0 la maladie, elle donne naissance \u00e0 une s\u00e9rie puissante : les Amazones.<\/span><\/p>\n<p>[\/et_pb_text][et_pb_button button_url=\u00a0\u00bb@ET-DC@eyJkeW5hbWljIjp0cnVlLCJjb250ZW50IjoicG9zdF9saW5rX3VybF9wYWdlIiwic2V0dGluZ3MiOnsicG9zdF9pZCI6IjMxNyJ9fQ==@\u00a0\u00bb button_text=\u00a0\u00bbEn savoir plus\u00a0\u00bb button_alignment=\u00a0\u00bbcenter\u00a0\u00bb button_alignment_tablet=\u00a0\u00bbleft\u00a0\u00bb button_alignment_phone=\u00a0\u00bbleft\u00a0\u00bb button_alignment_last_edited=\u00a0\u00bbon|tablet\u00a0\u00bb _builder_version=\u00a0\u00bb4.27.6&Prime; _dynamic_attributes=\u00a0\u00bbbutton_url\u00a0\u00bb _module_preset=\u00a0\u00bb9ce61dd3-511c-42f8-b18c-c7f60f4ea083&Prime; global_colors_info=\u00a0\u00bb{}\u00a0\u00bb][\/et_pb_button][\/et_pb_column][et_pb_column type=\u00a0\u00bb2_5&Prime; _builder_version=\u00a0\u00bb4.19.1&Prime; _module_preset=\u00a0\u00bbdefault\u00a0\u00bb global_colors_info=\u00a0\u00bb{}\u00a0\u00bb][et_pb_image src=\u00a0\u00bbhttps:\/\/noune.be\/wp-content\/uploads\/2026\/03\/Noune-photo-presentation-3-1024&#215;1024.jpg\u00a0\u00bb title_text=\u00a0\u00bbNoune photo pr\u00e9sentation 3&Prime; _builder_version=\u00a0\u00bb4.27.6&Prime; _module_preset=\u00a0\u00bbdefault\u00a0\u00bb hover_enabled=\u00a0\u00bb0&Prime; global_colors_info=\u00a0\u00bb{}\u00a0\u00bb sticky_enabled=\u00a0\u00bb0&Prime;][\/et_pb_image][\/et_pb_column][\/et_pb_row][\/et_pb_section][et_pb_section fb_built=\u00a0\u00bb1&Prime; _builder_version=\u00a0\u00bb4.27.6&Prime; _module_preset=\u00a0\u00bbdefault\u00a0\u00bb custom_padding=\u00a0\u00bb12px||16px|||\u00a0\u00bb global_colors_info=\u00a0\u00bb{}\u00a0\u00bb][et_pb_row _builder_version=\u00a0\u00bb4.27.6&Prime; _module_preset=\u00a0\u00bbdefault\u00a0\u00bb global_colors_info=\u00a0\u00bb{}\u00a0\u00bb][et_pb_column type=\u00a0\u00bb4_4&Prime; _builder_version=\u00a0\u00bb4.27.6&Prime; _module_preset=\u00a0\u00bbdefault\u00a0\u00bb global_colors_info=\u00a0\u00bb{}\u00a0\u00bb][et_pb_heading title=\u00a0\u00bbD\u00e9couvrir\u00a0\u00bb _builder_version=\u00a0\u00bb4.27.6&Prime; _module_preset=\u00a0\u00bbdefault\u00a0\u00bb title_font=\u00a0\u00bbPlayfair Display||||||||\u00a0\u00bb title_text_align=\u00a0\u00bbcenter\u00a0\u00bb title_font_size=\u00a0\u00bb40px\u00a0\u00bb global_colors_info=\u00a0\u00bb{}\u00a0\u00bb][\/et_pb_heading][\/et_pb_column][\/et_pb_row][\/et_pb_section][et_pb_section fb_built=\u00a0\u00bb1&Prime; admin_label=\u00a0\u00bbHeader\u00a0\u00bb _builder_version=\u00a0\u00bb4.19.1&Prime; _module_preset=\u00a0\u00bbdefault\u00a0\u00bb custom_padding=\u00a0\u00bb12px|||||\u00a0\u00bb locked=\u00a0\u00bboff\u00a0\u00bb collapsed=\u00a0\u00bbon\u00a0\u00bb global_colors_info=\u00a0\u00bb{}\u00a0\u00bb][et_pb_row column_structure=\u00a0\u00bb1_2,1_2&Prime; _builder_version=\u00a0\u00bb4.19.2&Prime; _module_preset=\u00a0\u00bbdefault\u00a0\u00bb global_colors_info=\u00a0\u00bb{}\u00a0\u00bb][et_pb_column type=\u00a0\u00bb1_2&Prime; _builder_version=\u00a0\u00bb4.19.2&Prime; _module_preset=\u00a0\u00bbdefault\u00a0\u00bb global_colors_info=\u00a0\u00bb{}\u00a0\u00bb][et_pb_image src=\u00a0\u00bbhttps:\/\/noune.be\/wp-content\/uploads\/2026\/03\/Amazone-mise-en-avant-1.jpg\u00a0\u00bb title_text=\u00a0\u00bbAmazone mise en avant\u00a0\u00bb url=\u00a0\u00bbhttps:\/\/noune.be\/index.php\/amazones\/\u00a0\u00bb _builder_version=\u00a0\u00bb4.27.6&Prime; _module_preset=\u00a0\u00bbdefault\u00a0\u00bb locked=\u00a0\u00bboff\u00a0\u00bb global_colors_info=\u00a0\u00bb{}\u00a0\u00bb][\/et_pb_image][et_pb_text _builder_version=\u00a0\u00bb4.27.6&Prime; _module_preset=\u00a0\u00bb532524c2-3a6c-4100-80cf-9cafb55c80f8&Prime; link_option_url=\u00a0\u00bbhttps:\/\/noune.be\/index.php\/amazones\/\u00a0\u00bb locked=\u00a0\u00bboff\u00a0\u00bb global_colors_info=\u00a0\u00bb{}\u00a0\u00bb]<\/p>\n<h3>LES AMAZONES<\/h3>\n<p>[\/et_pb_text][\/et_pb_column][et_pb_column type=\u00a0\u00bb1_2&Prime; _builder_version=\u00a0\u00bb4.19.2&Prime; _module_preset=\u00a0\u00bbdefault\u00a0\u00bb global_colors_info=\u00a0\u00bb{}\u00a0\u00bb][et_pb_image src=\u00a0\u00bbhttps:\/\/noune.be\/wp-content\/uploads\/2026\/03\/Design-sans-titre-5.jpg\u00a0\u00bb title_text=\u00a0\u00bbDesign sans titre (5)\u00a0\u00bb url=\u00a0\u00bbhttps:\/\/noune.be\/index.php\/animaux\/\u00a0\u00bb _builder_version=\u00a0\u00bb4.27.6&Prime; _module_preset=\u00a0\u00bbdefault\u00a0\u00bb locked=\u00a0\u00bboff\u00a0\u00bb global_colors_info=\u00a0\u00bb{}\u00a0\u00bb][\/et_pb_image][et_pb_text _builder_version=\u00a0\u00bb4.27.6&Prime; _module_preset=\u00a0\u00bb532524c2-3a6c-4100-80cf-9cafb55c80f8&Prime; link_option_url=\u00a0\u00bbhttps:\/\/noune.be\/index.php\/animaux\/\u00a0\u00bb locked=\u00a0\u00bboff\u00a0\u00bb global_colors_info=\u00a0\u00bb{}\u00a0\u00bb]<\/p>\n<h3>LES ANIMAUX<\/h3>\n<p>[\/et_pb_text][\/et_pb_column][\/et_pb_row][et_pb_row column_structure=\u00a0\u00bb1_2,1_2&Prime; _builder_version=\u00a0\u00bb4.19.2&Prime; _module_preset=\u00a0\u00bbdefault\u00a0\u00bb global_colors_info=\u00a0\u00bb{}\u00a0\u00bb][et_pb_column type=\u00a0\u00bb1_2&Prime; _builder_version=\u00a0\u00bb4.19.2&Prime; _module_preset=\u00a0\u00bbdefault\u00a0\u00bb global_colors_info=\u00a0\u00bb{}\u00a0\u00bb][et_pb_image src=\u00a0\u00bbhttps:\/\/noune.be\/wp-content\/uploads\/2026\/03\/Mise-en-avant.jpg\u00a0\u00bb title_text=\u00a0\u00bbMise en avant\u00a0\u00bb url=\u00a0\u00bbhttps:\/\/noune.be\/index.php\/sculptures\/\u00a0\u00bb _builder_version=\u00a0\u00bb4.27.6&Prime; _module_preset=\u00a0\u00bbdefault\u00a0\u00bb locked=\u00a0\u00bboff\u00a0\u00bb global_colors_info=\u00a0\u00bb{}\u00a0\u00bb][\/et_pb_image][et_pb_text _builder_version=\u00a0\u00bb4.27.6&Prime; _module_preset=\u00a0\u00bb532524c2-3a6c-4100-80cf-9cafb55c80f8&Prime; link_option_url=\u00a0\u00bbhttps:\/\/noune.be\/index.php\/sculptures\/\u00a0\u00bb locked=\u00a0\u00bboff\u00a0\u00bb global_colors_info=\u00a0\u00bb{}\u00a0\u00bb]<\/p>\n<h3>SCULPTURES<\/h3>\n<p>[\/et_pb_text][\/et_pb_column][et_pb_column type=\u00a0\u00bb1_2&Prime; _builder_version=\u00a0\u00bb4.19.2&Prime; _module_preset=\u00a0\u00bbdefault\u00a0\u00bb global_colors_info=\u00a0\u00bb{}\u00a0\u00bb][et_pb_image src=\u00a0\u00bbhttps:\/\/noune.be\/wp-content\/uploads\/2026\/02\/9507-WEB.jpg\u00a0\u00bb title_text=\u00a0\u00bb9507-WEB\u00a0\u00bb url=\u00a0\u00bbhttps:\/\/noune.be\/index.php\/danseurs-africains\/\u00a0\u00bb _builder_version=\u00a0\u00bb4.27.6&Prime; _module_preset=\u00a0\u00bbdefault\u00a0\u00bb locked=\u00a0\u00bboff\u00a0\u00bb global_colors_info=\u00a0\u00bb{}\u00a0\u00bb][\/et_pb_image][et_pb_text _builder_version=\u00a0\u00bb4.27.6&Prime; _module_preset=\u00a0\u00bb532524c2-3a6c-4100-80cf-9cafb55c80f8&Prime; link_option_url=\u00a0\u00bbhttps:\/\/noune.be\/index.php\/danseurs-africains\/\u00a0\u00bb locked=\u00a0\u00bboff\u00a0\u00bb global_colors_info=\u00a0\u00bb{}\u00a0\u00bb]<\/p>\n<h3>LES DANSEURS AFRICAINS<\/h3>\n<p>[\/et_pb_text][\/et_pb_column][\/et_pb_row][et_pb_row column_structure=\u00a0\u00bb1_2,1_2&Prime; _builder_version=\u00a0\u00bb4.19.2&Prime; _module_preset=\u00a0\u00bbdefault\u00a0\u00bb global_colors_info=\u00a0\u00bb{}\u00a0\u00bb][et_pb_column type=\u00a0\u00bb1_2&Prime; _builder_version=\u00a0\u00bb4.19.2&Prime; _module_preset=\u00a0\u00bbdefault\u00a0\u00bb global_colors_info=\u00a0\u00bb{}\u00a0\u00bb][et_pb_image src=\u00a0\u00bbhttps:\/\/noune.be\/wp-content\/uploads\/2026\/03\/Design-sans-titre-4.jpg\u00a0\u00bb title_text=\u00a0\u00bbDesign sans titre (4)\u00a0\u00bb url=\u00a0\u00bbhttps:\/\/noune.be\/index.php\/tableaux\/\u00a0\u00bb _builder_version=\u00a0\u00bb4.27.6&Prime; _module_preset=\u00a0\u00bbdefault\u00a0\u00bb locked=\u00a0\u00bboff\u00a0\u00bb global_colors_info=\u00a0\u00bb{}\u00a0\u00bb][\/et_pb_image][et_pb_text _builder_version=\u00a0\u00bb4.27.6&Prime; _module_preset=\u00a0\u00bb532524c2-3a6c-4100-80cf-9cafb55c80f8&Prime; link_option_url=\u00a0\u00bbhttps:\/\/noune.be\/index.php\/tableaux\/\u00a0\u00bb locked=\u00a0\u00bboff\u00a0\u00bb global_colors_info=\u00a0\u00bb{}\u00a0\u00bb]<\/p>\n<h3>TABLEAUX<\/h3>\n<p>[\/et_pb_text][\/et_pb_column][et_pb_column type=\u00a0\u00bb1_2&Prime; _builder_version=\u00a0\u00bb4.19.2&Prime; _module_preset=\u00a0\u00bbdefault\u00a0\u00bb global_colors_info=\u00a0\u00bb{}\u00a0\u00bb][et_pb_image src=\u00a0\u00bbhttps:\/\/noune.be\/wp-content\/uploads\/2026\/02\/test-proportion.jpg\u00a0\u00bb title_text=\u00a0\u00bbtest proportion\u00a0\u00bb url=\u00a0\u00bbhttps:\/\/noune.be\/index.php\/autre\/\u00a0\u00bb _builder_version=\u00a0\u00bb4.27.6&Prime; _module_preset=\u00a0\u00bbdefault\u00a0\u00bb locked=\u00a0\u00bboff\u00a0\u00bb global_colors_info=\u00a0\u00bb{}\u00a0\u00bb][\/et_pb_image][et_pb_text _builder_version=\u00a0\u00bb4.27.6&Prime; _module_preset=\u00a0\u00bb532524c2-3a6c-4100-80cf-9cafb55c80f8&Prime; link_option_url=\u00a0\u00bbhttps:\/\/noune.be\/index.php\/autre\/\u00a0\u00bb locked=\u00a0\u00bboff\u00a0\u00bb global_colors_info=\u00a0\u00bb{}\u00a0\u00bb]<\/p>\n<h3>AUTRE\u00a0<\/h3>\n<p>[\/et_pb_text][\/et_pb_column][\/et_pb_row][\/et_pb_section]<\/p>\n","protected":false},"excerpt":{"rendered":"<p>Cr\u00e9er, relier, transmettreArtiste waterlotoise n\u00e9e en 1972, Noune a toujours fait de la cr\u00e9ation un fil rouge. Form\u00e9e aux arts plastiques apr\u00e8s un parcours riche et pluriel, elle explore aussi la sculpture, la c\u00e9ramique et la sc\u00e8ne avec la m\u00eame intensit\u00e9. Anim\u00e9e par une envie de transmettre, elle fonde les Ateliers Noune et co-cr\u00e9e l\u2019asbl [&hellip;]<\/p>\n","protected":false},"author":1,"featured_media":0,"parent":0,"menu_order":0,"comment_status":"closed","ping_status":"closed","template":"","meta":{"_et_pb_use_builder":"on","_et_pb_old_content":"","_et_gb_content_width":"","footnotes":""},"class_list":["post-320","page","type-page","status-publish","hentry"],"_links":{"self":[{"href":"https:\/\/noune.be\/index.php\/wp-json\/wp\/v2\/pages\/320","targetHints":{"allow":["GET"]}}],"collection":[{"href":"https:\/\/noune.be\/index.php\/wp-json\/wp\/v2\/pages"}],"about":[{"href":"https:\/\/noune.be\/index.php\/wp-json\/wp\/v2\/types\/page"}],"author":[{"embeddable":true,"href":"https:\/\/noune.be\/index.php\/wp-json\/wp\/v2\/users\/1"}],"replies":[{"embeddable":true,"href":"https:\/\/noune.be\/index.php\/wp-json\/wp\/v2\/comments?post=320"}],"version-history":[{"count":40,"href":"https:\/\/noune.be\/index.php\/wp-json\/wp\/v2\/pages\/320\/revisions"}],"predecessor-version":[{"id":722,"href":"https:\/\/noune.be\/index.php\/wp-json\/wp\/v2\/pages\/320\/revisions\/722"}],"wp:attachment":[{"href":"https:\/\/noune.be\/index.php\/wp-json\/wp\/v2\/media?parent=320"}],"curies":[{"name":"wp","href":"https:\/\/api.w.org\/{rel}","templated":true}]}}